{"id":760,"date":"2020-06-24T09:28:39","date_gmt":"2020-06-24T09:28:39","guid":{"rendered":"https:\/\/c-dl.fr\/?page_id=760"},"modified":"2023-08-30T09:34:25","modified_gmt":"2023-08-30T09:34:25","slug":"edito","status":"publish","type":"page","link":"https:\/\/c-dl.fr\/index.php\/edito\/","title":{"rendered":"Edito"},"content":{"rendered":"\n<p>Le&nbsp;<strong>12 d\u00e9cembre \u00e0 Paris<\/strong>&nbsp;dans les prestigieux salons Hoche,&nbsp;<strong>les entreprises Laur\u00e9ates et Finalistes des Troph\u00e9es du Digital Learning 2023 donneront leurs cl\u00e9s de succ\u00e8s aux D\u00e9cideurs formation-RH<\/strong>&nbsp;: exp\u00e9rience apprenant, strat\u00e9gie de contenus, blended learning, \u00e9valuation et mise en pratique, communication et d\u00e9ploiement, innovations, formations RSE\u2026<\/p>\n\n\n\n<p>Interventions essentielles, temps d\u2019\u00e9changes x de r\u00e9flexion collective :&nbsp;<strong>les 150 d\u00e9cideurs formation-RH gracieusement accr\u00e9dit\u00e9s feront provision des meilleures pratiques pour conduire leurs propres r\u00e9ussites<\/strong>&nbsp;!<\/p>\n\n\n\n<p><a style=\"text-decoration: underline; color: #f99d1b\" href=\"https:\/\/c-dl.fr\/index.php\/accreditations\/\">Demander votre accr\u00e9ditation<\/a><\/p>\n\n\n\n<p>Esp\u00e9rant vous compter parmi nous,<\/p>\n\n\n\n<p>Pour la Conf\u00e9rence 2023 des Laur\u00e9ats du Digital Learning :<br>Michel Diaz (Directeur associ\u00e9, F\u00e9faur), Pr\u00e9sident<br>Jean-Roch Houllier (Head of Operations, Learning &amp; Digital, Groupe Safran), Vice-Pr\u00e9sident<\/p>\n","protected":false},"excerpt":{"rendered":"<p>Les Troph\u00e9es du Digital Learning 2020 en quelques chiffres : 11 projets Laur\u00e9ats dans 6 cat\u00e9gories + 1, sortis par le haut d\u2019une comp\u00e9tition de haut vol o\u00f9 108 candidatures ont pr\u00e9sent\u00e9 le meilleur du digital learning, qui se g\u00e9n\u00e9ralise \u00e0 l\u2019\u00e9vidence, et offert des d\u00e9bats passionn\u00e9s aux membres du Jury ! Revue avant la c\u00e9r\u00e9monie de remise qui se tiendra le 24 septembre 2020, dans le cadre du grand salon europ\u00e9en E-learning Expo, \u00e0 Paris Expo Porte de Versailles\u2026<\/p>\n","protected":false},"author":1,"featured_media":1986,"parent":0,"menu_order":0,"comment_status":"closed","ping_status":"closed","template":"templates\/about.php","meta":{"footnotes":""},"class_list":["post-760","page","type-page","status-publish","has-post-thumbnail","hentry","latest_post"],"yoast_head":"<!-- This site is optimized with the Yoast SEO plugin v27.5 - https:\/\/yoast.com\/product\/yoast-seo-wordpress\/ -->\n<title>Edito - Conf\u00e9rence des Laur\u00e9ats du Digital Learning<\/title>\n<meta name=\"robots\" content=\"index, follow, max-snippet:-1, max-image-preview:large, max-video-preview:-1\" \/>\n<link rel=\"canonical\" href=\"https:\/\/c-dl.fr\/index.php\/edito\/\" \/>\n<meta property=\"og:locale\" content=\"fr_FR\" \/>\n<meta property=\"og:type\" content=\"article\" \/>\n<meta property=\"og:title\" content=\"Edito - Conf\u00e9rence des Laur\u00e9ats du Digital Learning\" \/>\n<meta property=\"og:description\" content=\"Les Troph\u00e9es du Digital Learning 2020 en quelques chiffres : 11 projets Laur\u00e9ats dans 6 cat\u00e9gories + 1, sortis par le haut d\u2019une comp\u00e9tition de haut vol o\u00f9 108 candidatures ont pr\u00e9sent\u00e9 le meilleur du digital learning, qui se g\u00e9n\u00e9ralise \u00e0 l\u2019\u00e9vidence, et offert des d\u00e9bats passionn\u00e9s aux membres du Jury ! Revue avant la c\u00e9r\u00e9monie de remise qui se tiendra le 24 septembre 2020, dans le cadre du grand salon europ\u00e9en E-learning Expo, \u00e0 Paris Expo Porte de Versailles\u2026\" \/>\n<meta property=\"og:url\" content=\"https:\/\/c-dl.fr\/index.php\/edito\/\" \/>\n<meta property=\"og:site_name\" content=\"Conf\u00e9rence des Laur\u00e9ats du Digital Learning\" \/>\n<meta property=\"article:modified_time\" content=\"2023-08-30T09:34:25+00:00\" \/>\n<meta property=\"og:image\" content=\"https:\/\/c-dl.fr\/wp-content\/uploads\/2023\/08\/photo-home.jpg\" \/>\n\t<meta property=\"og:image:width\" content=\"585\" \/>\n\t<meta property=\"og:image:height\" content=\"550\" \/>\n\t<meta property=\"og:image:type\" content=\"image\/jpeg\" \/>\n<meta name=\"twitter:card\" content=\"summary_large_image\" \/>\n<meta name=\"twitter:label1\" content=\"Dur\u00e9e de lecture estim\u00e9e\" \/>\n\t<meta name=\"twitter:data1\" content=\"1 minute\" \/>\n<script type=\"application\/ld+json\" class=\"yoast-schema-graph\">{\"@context\":\"https:\\\/\\\/schema.org\",\"@graph\":[{\"@type\":\"WebPage\",\"@id\":\"https:\\\/\\\/c-dl.fr\\\/index.php\\\/edito\\\/\",\"url\":\"https:\\\/\\\/c-dl.fr\\\/index.php\\\/edito\\\/\",\"name\":\"Edito - Conf\u00e9rence des Laur\u00e9ats du Digital Learning\",\"isPartOf\":{\"@id\":\"https:\\\/\\\/c-dl.fr\\\/#website\"},\"primaryImageOfPage\":{\"@id\":\"https:\\\/\\\/c-dl.fr\\\/index.php\\\/edito\\\/#primaryimage\"},\"image\":{\"@id\":\"https:\\\/\\\/c-dl.fr\\\/index.php\\\/edito\\\/#primaryimage\"},\"thumbnailUrl\":\"https:\\\/\\\/c-dl.fr\\\/wp-content\\\/uploads\\\/2023\\\/08\\\/photo-home.jpg\",\"datePublished\":\"2020-06-24T09:28:39+00:00\",\"dateModified\":\"2023-08-30T09:34:25+00:00\",\"breadcrumb\":{\"@id\":\"https:\\\/\\\/c-dl.fr\\\/index.php\\\/edito\\\/#breadcrumb\"},\"inLanguage\":\"fr-FR\",\"potentialAction\":[{\"@type\":\"ReadAction\",\"target\":[\"https:\\\/\\\/c-dl.fr\\\/index.php\\\/edito\\\/\"]}]},{\"@type\":\"ImageObject\",\"inLanguage\":\"fr-FR\",\"@id\":\"https:\\\/\\\/c-dl.fr\\\/index.php\\\/edito\\\/#primaryimage\",\"url\":\"https:\\\/\\\/c-dl.fr\\\/wp-content\\\/uploads\\\/2023\\\/08\\\/photo-home.jpg\",\"contentUrl\":\"https:\\\/\\\/c-dl.fr\\\/wp-content\\\/uploads\\\/2023\\\/08\\\/photo-home.jpg\",\"width\":585,\"height\":550},{\"@type\":\"BreadcrumbList\",\"@id\":\"https:\\\/\\\/c-dl.fr\\\/index.php\\\/edito\\\/#breadcrumb\",\"itemListElement\":[{\"@type\":\"ListItem\",\"position\":1,\"name\":\"Home\",\"item\":\"https:\\\/\\\/c-dl.fr\\\/\"},{\"@type\":\"ListItem\",\"position\":2,\"name\":\"Edito\"}]},{\"@type\":\"WebSite\",\"@id\":\"https:\\\/\\\/c-dl.fr\\\/#website\",\"url\":\"https:\\\/\\\/c-dl.fr\\\/\",\"name\":\"Conf\u00e9rence des Laur\u00e9ats du Digital Learning\",\"description\":\"Projets r\u00e9ussis, meilleures pratiques, strat\u00e9gies digital learning, innovations\",\"publisher\":{\"@id\":\"https:\\\/\\\/c-dl.fr\\\/#organization\"},\"potentialAction\":[{\"@type\":\"SearchAction\",\"target\":{\"@type\":\"EntryPoint\",\"urlTemplate\":\"https:\\\/\\\/c-dl.fr\\\/?s={search_term_string}\"},\"query-input\":{\"@type\":\"PropertyValueSpecification\",\"valueRequired\":true,\"valueName\":\"search_term_string\"}}],\"inLanguage\":\"fr-FR\"},{\"@type\":\"Organization\",\"@id\":\"https:\\\/\\\/c-dl.fr\\\/#organization\",\"name\":\"Conf\u00e9rence des Laur\u00e9ats du Digital Learning\",\"url\":\"https:\\\/\\\/c-dl.fr\\\/\",\"logo\":{\"@type\":\"ImageObject\",\"inLanguage\":\"fr-FR\",\"@id\":\"https:\\\/\\\/c-dl.fr\\\/#\\\/schema\\\/logo\\\/image\\\/\",\"url\":\"https:\\\/\\\/c-dl.fr\\\/wp-content\\\/uploads\\\/2023\\\/08\\\/cropped-logo-2022-v5-travail.png\",\"contentUrl\":\"https:\\\/\\\/c-dl.fr\\\/wp-content\\\/uploads\\\/2023\\\/08\\\/cropped-logo-2022-v5-travail.png\",\"width\":739,\"height\":293,\"caption\":\"Conf\u00e9rence des Laur\u00e9ats du Digital Learning\"},\"image\":{\"@id\":\"https:\\\/\\\/c-dl.fr\\\/#\\\/schema\\\/logo\\\/image\\\/\"}}]}<\/script>\n<!-- \/ Yoast SEO plugin. -->","yoast_head_json":{"title":"Edito - Conf\u00e9rence des Laur\u00e9ats du Digital Learning","robots":{"index":"index","follow":"follow","max-snippet":"max-snippet:-1","max-image-preview":"max-image-preview:large","max-video-preview":"max-video-preview:-1"},"canonical":"https:\/\/c-dl.fr\/index.php\/edito\/","og_locale":"fr_FR","og_type":"article","og_title":"Edito - Conf\u00e9rence des Laur\u00e9ats du Digital Learning","og_description":"Les Troph\u00e9es du Digital Learning 2020 en quelques chiffres : 11 projets Laur\u00e9ats dans 6 cat\u00e9gories + 1, sortis par le haut d\u2019une comp\u00e9tition de haut vol o\u00f9 108 candidatures ont pr\u00e9sent\u00e9 le meilleur du digital learning, qui se g\u00e9n\u00e9ralise \u00e0 l\u2019\u00e9vidence, et offert des d\u00e9bats passionn\u00e9s aux membres du Jury ! Revue avant la c\u00e9r\u00e9monie de remise qui se tiendra le 24 septembre 2020, dans le cadre du grand salon europ\u00e9en E-learning Expo, \u00e0 Paris Expo Porte de Versailles\u2026","og_url":"https:\/\/c-dl.fr\/index.php\/edito\/","og_site_name":"Conf\u00e9rence des Laur\u00e9ats du Digital Learning","article_modified_time":"2023-08-30T09:34:25+00:00","og_image":[{"width":585,"height":550,"url":"https:\/\/c-dl.fr\/wp-content\/uploads\/2023\/08\/photo-home.jpg","type":"image\/jpeg"}],"twitter_card":"summary_large_image","twitter_misc":{"Dur\u00e9e de lecture estim\u00e9e":"1 minute"},"schema":{"@context":"https:\/\/schema.org","@graph":[{"@type":"WebPage","@id":"https:\/\/c-dl.fr\/index.php\/edito\/","url":"https:\/\/c-dl.fr\/index.php\/edito\/","name":"Edito - Conf\u00e9rence des Laur\u00e9ats du Digital Learning","isPartOf":{"@id":"https:\/\/c-dl.fr\/#website"},"primaryImageOfPage":{"@id":"https:\/\/c-dl.fr\/index.php\/edito\/#primaryimage"},"image":{"@id":"https:\/\/c-dl.fr\/index.php\/edito\/#primaryimage"},"thumbnailUrl":"https:\/\/c-dl.fr\/wp-content\/uploads\/2023\/08\/photo-home.jpg","datePublished":"2020-06-24T09:28:39+00:00","dateModified":"2023-08-30T09:34:25+00:00","breadcrumb":{"@id":"https:\/\/c-dl.fr\/index.php\/edito\/#breadcrumb"},"inLanguage":"fr-FR","potentialAction":[{"@type":"ReadAction","target":["https:\/\/c-dl.fr\/index.php\/edito\/"]}]},{"@type":"ImageObject","inLanguage":"fr-FR","@id":"https:\/\/c-dl.fr\/index.php\/edito\/#primaryimage","url":"https:\/\/c-dl.fr\/wp-content\/uploads\/2023\/08\/photo-home.jpg","contentUrl":"https:\/\/c-dl.fr\/wp-content\/uploads\/2023\/08\/photo-home.jpg","width":585,"height":550},{"@type":"BreadcrumbList","@id":"https:\/\/c-dl.fr\/index.php\/edito\/#breadcrumb","itemListElement":[{"@type":"ListItem","position":1,"name":"Home","item":"https:\/\/c-dl.fr\/"},{"@type":"ListItem","position":2,"name":"Edito"}]},{"@type":"WebSite","@id":"https:\/\/c-dl.fr\/#website","url":"https:\/\/c-dl.fr\/","name":"Conf\u00e9rence des Laur\u00e9ats du Digital Learning","description":"Projets r\u00e9ussis, meilleures pratiques, strat\u00e9gies digital learning, innovations","publisher":{"@id":"https:\/\/c-dl.fr\/#organization"},"potentialAction":[{"@type":"SearchAction","target":{"@type":"EntryPoint","urlTemplate":"https:\/\/c-dl.fr\/?s={search_term_string}"},"query-input":{"@type":"PropertyValueSpecification","valueRequired":true,"valueName":"search_term_string"}}],"inLanguage":"fr-FR"},{"@type":"Organization","@id":"https:\/\/c-dl.fr\/#organization","name":"Conf\u00e9rence des Laur\u00e9ats du Digital Learning","url":"https:\/\/c-dl.fr\/","logo":{"@type":"ImageObject","inLanguage":"fr-FR","@id":"https:\/\/c-dl.fr\/#\/schema\/logo\/image\/","url":"https:\/\/c-dl.fr\/wp-content\/uploads\/2023\/08\/cropped-logo-2022-v5-travail.png","contentUrl":"https:\/\/c-dl.fr\/wp-content\/uploads\/2023\/08\/cropped-logo-2022-v5-travail.png","width":739,"height":293,"caption":"Conf\u00e9rence des Laur\u00e9ats du Digital Learning"},"image":{"@id":"https:\/\/c-dl.fr\/#\/schema\/logo\/image\/"}}]}},"_links":{"self":[{"href":"https:\/\/c-dl.fr\/index.php\/wp-json\/wp\/v2\/pages\/760","targetHints":{"allow":["GET"]}}],"collection":[{"href":"https:\/\/c-dl.fr\/index.php\/wp-json\/wp\/v2\/pages"}],"about":[{"href":"https:\/\/c-dl.fr\/index.php\/wp-json\/wp\/v2\/types\/page"}],"author":[{"embeddable":true,"href":"https:\/\/c-dl.fr\/index.php\/wp-json\/wp\/v2\/users\/1"}],"replies":[{"embeddable":true,"href":"https:\/\/c-dl.fr\/index.php\/wp-json\/wp\/v2\/comments?post=760"}],"version-history":[{"count":29,"href":"https:\/\/c-dl.fr\/index.php\/wp-json\/wp\/v2\/pages\/760\/revisions"}],"predecessor-version":[{"id":1994,"href":"https:\/\/c-dl.fr\/index.php\/wp-json\/wp\/v2\/pages\/760\/revisions\/1994"}],"wp:featuredmedia":[{"embeddable":true,"href":"https:\/\/c-dl.fr\/index.php\/wp-json\/wp\/v2\/media\/1986"}],"wp:attachment":[{"href":"https:\/\/c-dl.fr\/index.php\/wp-json\/wp\/v2\/media?parent=760"}],"curies":[{"name":"wp","href":"https:\/\/api.w.org\/{rel}","templated":true}]}}